{"id":1881,"date":"2020-09-24T11:03:53","date_gmt":"2020-09-24T09:03:53","guid":{"rendered":"http:\/\/eveil-sylvainmeyer.fr\/?page_id=1881"},"modified":"2025-02-23T14:24:19","modified_gmt":"2025-02-23T13:24:19","slug":"apres-une-formation","status":"publish","type":"page","link":"https:\/\/eveil-sylvainmeyer.fr\/index.php\/apres-une-formation\/","title":{"rendered":"Et apr\u00e8s une journ\u00e9e de formation ?"},"content":{"rendered":"\n<p class=\"has-dark-gray-color has-light-pink-background-color has-text-color has-background\"><strong>Vous avez particip\u00e9 \u00e0 une journ\u00e9e de formation :<\/strong><\/p>\n\n\n\n<p class=\"has-text-color\" style=\"color:#050000\">&#8211; Vous pouvez proposer et mettre en pratique l&rsquo;ensemble des techniques vues, aupr\u00e8s de vos proches&#8230;.<\/p>\n\n\n\n<p class=\"has-text-color\" style=\"color:#000000\">&#8211; Participer \u00e0 un niveau sup\u00e9rieur \u00e0 celui d\u00e9j\u00e0 fait.<\/p>\n\n\n\n<p class=\"has-dark-gray-color has-light-pink-background-color has-text-color has-background\"><strong>Mais vous pouvez aussi<\/strong>,<strong> avec une inscription \u00e0 demi tarif, en participant aux niveaux de formations d\u00e9j\u00e0 effectu\u00e9s<\/strong> :<\/p>\n\n\n\n<p class=\"has-dark-gray-color has-text-color\">* Gagner en assurance par la r\u00e9vision des pratiques<br>* Permettre la remise \u00e0 niveau avec les compl\u00e9ments d\u2019informations<br>* Faire des rencontres et \u00e9changer avec de nouveaux praticiens <br>* Avoir des r\u00e9ponses \u00e0 vos questions &#8230;<br><\/p>\n\n\n\n<p class=\"has-medium-pink-color has-light-pink-background-color has-text-color has-background\"><a rel=\"noreferrer noopener\" href=\"https:\/\/eveil-sylvainmeyer.fr\/index.php\/le-calendrier\/\" target=\"_blank\"><strong>Je consulte le calendrier des formations ici<\/strong><\/a><\/p>\n\n\n\n<p><\/p>\n","protected":false},"excerpt":{"rendered":"<p>Vous avez particip\u00e9 \u00e0 une journ\u00e9e de formation : &#8211; Vous pouvez proposer et mettre en pratique l&rsquo;ensemble des techniques vues, aupr\u00e8s de vos proches&#8230;. &#8211; Participer \u00e0 un niveau sup\u00e9rieur \u00e0 celui d\u00e9j\u00e0 fait. Mais vous pouvez aussi, avec une inscription \u00e0 demi tarif, en participant aux niveaux de formations d\u00e9j\u00e0 effectu\u00e9s : * &hellip; <a href=\"https:\/\/eveil-sylvainmeyer.fr\/index.php\/apres-une-formation\/\" class=\"more-link\">Continuer la lecture de <span class=\"screen-reader-text\">Et apr\u00e8s une journ\u00e9e de formation ?<\/span><\/a><\/p>\n","protected":false},"author":1,"featured_media":0,"parent":0,"menu_order":32,"comment_status":"closed","ping_status":"closed","template":"","meta":{"footnotes":""},"class_list":["post-1881","page","type-page","status-publish","hentry"],"_links":{"self":[{"href":"https:\/\/eveil-sylvainmeyer.fr\/index.php\/wp-json\/wp\/v2\/pages\/1881","targetHints":{"allow":["GET"]}}],"collection":[{"href":"https:\/\/eveil-sylvainmeyer.fr\/index.php\/wp-json\/wp\/v2\/pages"}],"about":[{"href":"https:\/\/eveil-sylvainmeyer.fr\/index.php\/wp-json\/wp\/v2\/types\/page"}],"author":[{"embeddable":true,"href":"https:\/\/eveil-sylvainmeyer.fr\/index.php\/wp-json\/wp\/v2\/users\/1"}],"replies":[{"embeddable":true,"href":"https:\/\/eveil-sylvainmeyer.fr\/index.php\/wp-json\/wp\/v2\/comments?post=1881"}],"version-history":[{"count":33,"href":"https:\/\/eveil-sylvainmeyer.fr\/index.php\/wp-json\/wp\/v2\/pages\/1881\/revisions"}],"predecessor-version":[{"id":2795,"href":"https:\/\/eveil-sylvainmeyer.fr\/index.php\/wp-json\/wp\/v2\/pages\/1881\/revisions\/2795"}],"wp:attachment":[{"href":"https:\/\/eveil-sylvainmeyer.fr\/index.php\/wp-json\/wp\/v2\/media?parent=1881"}],"curies":[{"name":"wp","href":"https:\/\/api.w.org\/{rel}","templated":true}]}}