{"id":625,"date":"2018-09-18T19:41:18","date_gmt":"2018-09-18T17:41:18","guid":{"rendered":"http:\/\/eveil-sylvainmeyer.fr\/?page_id=625"},"modified":"2023-09-25T15:10:11","modified_gmt":"2023-09-25T13:10:11","slug":"newsletter","status":"publish","type":"page","link":"https:\/\/eveil-sylvainmeyer.fr\/index.php\/newsletter\/","title":{"rendered":"S&rsquo;INSCRIRE A LA NEWSLETTER"},"content":{"rendered":"<p><span style=\"color: #0000ff;\">\u00a0<\/span><\/p>\n<p><strong><a href=\"https:\/\/admin.mailpro.com\/Form\/1b812360-e97e-45f6-8539-2fa2a0fdd8cb\"><span style=\"color: #800080;\"><span style=\"color: #ff0000;\">Je m&rsquo;inscris <\/span><span style=\"color: #0000ff;\"><span style=\"color: #000080;\"><span style=\"color: #ff0000;\">ICI<\/span><\/span><\/span><\/span><\/a><\/strong><\/p>\n<p><span style=\"color: #000000;\"><strong><u><em><span style=\"color: #ff0000;\">Un probl\u00e8me lors de l&rsquo;inscription ?<\/span> contactez moi<\/em> au 07 87\u00a0784\u00a0913<\/u><\/strong><\/span><\/p>\n<p><span style=\"color: #000000;\">Une inscription conforme au r\u00e8glement europ\u00e9en sur la protection des donn\u00e9es personnelles (RGDP)) et une newsletter compens\u00e9e en Co2 par des actions de reforestation*. <\/span><br \/>\n<span style=\"color: #000000;\">Vous pouvez vous d\u00e9sinscrire \u00e0 tout moment en utilisant le lien en bas de chaque newsletter ou en me contactant directement.<\/span><u><\/u><\/p>\n<p><span style=\"color: #339966;\"><strong>*La green newsletter.<\/strong><\/span><br \/>\n<span style=\"color: #000000;\"><a style=\"color: #000000;\" href=\"https:\/\/fr.mailpro.com\/communaute\/green-emailing.asp\">https:\/\/fr.mailpro.com\/communaute\/green-emailing.asp<\/a><\/span><br \/>\n<span style=\"color: #000000;\"><a style=\"color: #000000;\" href=\"https:\/\/tree-nation.com\/\">https:\/\/tree-nation.com\/<\/a><\/span><\/p>\n","protected":false},"excerpt":{"rendered":"<p>\u00a0 Je m&rsquo;inscris ICI Un probl\u00e8me lors de l&rsquo;inscription ? contactez moi au 07 87\u00a0784\u00a0913 Une inscription conforme au r\u00e8glement europ\u00e9en sur la protection des donn\u00e9es personnelles (RGDP)) et une newsletter compens\u00e9e en Co2 par des actions de reforestation*. Vous pouvez vous d\u00e9sinscrire \u00e0 tout moment en utilisant le lien en bas de chaque newsletter &hellip; <a href=\"https:\/\/eveil-sylvainmeyer.fr\/index.php\/newsletter\/\" class=\"more-link\">Continuer la lecture de <span class=\"screen-reader-text\">S&rsquo;INSCRIRE A LA NEWSLETTER<\/span><\/a><\/p>\n","protected":false},"author":2,"featured_media":0,"parent":0,"menu_order":20,"comment_status":"closed","ping_status":"closed","template":"","meta":{"footnotes":""},"class_list":["post-625","page","type-page","status-publish","hentry"],"_links":{"self":[{"href":"https:\/\/eveil-sylvainmeyer.fr\/index.php\/wp-json\/wp\/v2\/pages\/625","targetHints":{"allow":["GET"]}}],"collection":[{"href":"https:\/\/eveil-sylvainmeyer.fr\/index.php\/wp-json\/wp\/v2\/pages"}],"about":[{"href":"https:\/\/eveil-sylvainmeyer.fr\/index.php\/wp-json\/wp\/v2\/types\/page"}],"author":[{"embeddable":true,"href":"https:\/\/eveil-sylvainmeyer.fr\/index.php\/wp-json\/wp\/v2\/users\/2"}],"replies":[{"embeddable":true,"href":"https:\/\/eveil-sylvainmeyer.fr\/index.php\/wp-json\/wp\/v2\/comments?post=625"}],"version-history":[{"count":42,"href":"https:\/\/eveil-sylvainmeyer.fr\/index.php\/wp-json\/wp\/v2\/pages\/625\/revisions"}],"predecessor-version":[{"id":2532,"href":"https:\/\/eveil-sylvainmeyer.fr\/index.php\/wp-json\/wp\/v2\/pages\/625\/revisions\/2532"}],"wp:attachment":[{"href":"https:\/\/eveil-sylvainmeyer.fr\/index.php\/wp-json\/wp\/v2\/media?parent=625"}],"curies":[{"name":"wp","href":"https:\/\/api.w.org\/{rel}","templated":true}]}}